{"id":335,"date":"2025-11-28T10:10:47","date_gmt":"2025-11-28T09:10:47","guid":{"rendered":"https:\/\/gemmagallbat.dgalleryweb.com\/?page_id=335"},"modified":"2025-11-28T10:15:30","modified_gmt":"2025-11-28T09:15:30","slug":"politica-de-privacidad","status":"publish","type":"page","link":"https:\/\/gemmagallbat.dgalleryweb.com\/ca\/politica-de-privacidad\/","title":{"rendered":"Pol\u00edtica de privacitat"},"content":{"rendered":"<div data-elementor-type=\"wp-page\" data-elementor-id=\"335\" class=\"elementor elementor-335\" data-elementor-post-type=\"page\">\n\t\t\t\t<div class=\"elementor-element elementor-element-21c05d1 e-flex e-con-boxed e-con e-parent\" data-id=\"21c05d1\" data-element_type=\"container\" data-e-type=\"container\">\n\t\t\t\t\t<div class=\"e-con-inner\">\n\t\t\t\t<div class=\"elementor-element elementor-element-80da26f elementor-widget elementor-widget-heading\" data-id=\"80da26f\" data-element_type=\"widget\" data-e-type=\"widget\" data-widget_type=\"heading.default\">\n\t\t\t\t\t<h2 class=\"elementor-heading-title elementor-size-default\">Pol\u00edtica de privacitat<\/h2>\t\t\t\t<\/div>\n\t\t\t\t<div class=\"elementor-element elementor-element-340e97d elementor-widget elementor-widget-text-editor\" data-id=\"340e97d\" data-element_type=\"widget\" data-e-type=\"widget\" data-widget_type=\"text-editor.default\">\n\t\t\t\t\t\t\t\t\t<div class=\"elementor elementor-169\" role=\"main\" data-elementor-type=\"wp-page\" data-elementor-id=\"169\" data-elementor-post-type=\"page\"><div class=\"elementor-element elementor-element-f1a94b6 e-flex e-con-boxed e-con e-parent e-lazyloaded\" data-id=\"f1a94b6\" data-element_type=\"container\"><div class=\"e-con-inner\"><div class=\"elementor-element elementor-element-45737f7 elementor-widget elementor-widget-text-editor\" data-id=\"45737f7\" data-element_type=\"widget\" data-widget_type=\"text-editor.default\"><p><strong>INFORMACI\u00d3N B\u00c1SICA SOBRE PROTECCI\u00d3N DE DATOS:<\/strong><\/p><p><strong>Responsable:<\/strong> GEMMA GALLART BATALLA<br \/><strong>Finalidad:\u00a0<\/strong>Informarle sobre los productos y servicios publicados en nuestra web<br \/><strong>Legitimaci\u00f3n:<\/strong>\u00a0por consentimiento del interesado<br \/><strong>Plazo de conservaci\u00f3n:<\/strong>\u00a0el legalmente establecido<br \/><strong>Destinatarios:<\/strong>\u00a0No se ceder\u00e1n datos a terceros, salvo obligaci\u00f3n legal<br \/><strong>Derechos<\/strong>: Tiene derecho a acceder, rectificar y suprimir los datos, as\u00ed como otros derechos, como se explica en la informaci\u00f3n adicional.<br \/><strong>Ubicaci\u00f3n:<\/strong>\u00a0Puede consultar la informaci\u00f3n adicional y detallada sobre Protecci\u00f3n de Datos en el apartado\u00a0<a role=\"link\" href=\"https:\/\/gemmagallbat.dgalleryweb.com\/ca\/aviso-legal\/\"><strong><u>AVISO LEGAL<\/u><\/strong>,<\/a>\u00a0situado en esta misma web<\/p><p><strong>Responsable:<\/strong><\/p><p>Titular: GEMMA GALLART BATALLA <br \/>N.I.F:\u00a0<br \/>Domicilio social: Rambla Ferran, 53 \u2013 3r 1a \u2013 25007 Lleida<br \/>E-mail: gemmagallbat@yahoo.es<br \/>Tel\u00e9fono: 645 787 305<\/p><p>GEMMA GALLART BATALLA es el responsable del tratamiento de los datos personales y les informa que estos datos ser\u00e1n tratados de conformidad con lo dispuesto en el Reglamento (UE) 2016\/679 de 27 de abril de 2016 (GDPR), por lo que se le facilita la siguiente informaci\u00f3n del tratamiento:<\/p><p><strong>Finalidad del tratamiento:<\/strong><\/p><ul><li>La prestaci\u00f3n de nuestros servicios relacionados con carnicer\u00eda<\/li><li>Dar respuesta a las solicitudes de informaci\u00f3n que nos haga llegar a traves de los formularios de contacto<\/li><\/ul><p>Los datos personales que el Usuario de nuestra web nos facilita mediante los formularios y funcionalidades habilitadas en la misma, ser\u00e1n tratados con car\u00e1cter general con el fin de facilitar la informaci\u00f3n solicitada por los Usuarios, atender sus consultas o solicitudes, as\u00ed como con cualquier otra finalidad a la que se refieran los formularios y funcionalidades ofrecidas en cada momento a trav\u00e9s de la web.<\/p><p><strong>Legitimaci\u00f3n:<\/strong><\/p><p>GEMMA GALLART BATALLA, tratar\u00e1 los datos personales facilitados por el propio interesado para dar respuesta a su solicitud de informaci\u00f3n, o para la prestaci\u00f3n del servicio solicitado, mediante el consentimiento del interesado. El usuario tiene derecho a retirar el consentimiento prestado en cualquier momento.<\/p><p>La base legal de los tratamientos es el consentimiento otorgado por los Usuarios prestado mediante la aceptaci\u00f3n de la presente Pol\u00edtica de Privacidad y las casillas correspondientes.<\/p><p><strong>Criterios de conservaci\u00f3n de los datos:<\/strong><\/p><p>Se conservar\u00e1n mientras exista un inter\u00e9s mutuo para mantener el fin del tratamiento y cuando ya no sea necesario para tal fin, se suprimir\u00e1n con medidas de seguridad adecuadas para garantizar la seudonimizaci\u00f3n de los datos o la destrucci\u00f3n total de los mismos.<\/p><p><strong>Destinatarios:<\/strong><\/p><p>GEMMA GALLART BATALLA no ceder\u00e1 datos personales a terceros, salvo cuando exista una obligaci\u00f3n legal al respecto. En estos casos, nos aseguramos de que los destinatarios respetan la confidencialidad y cuentan con las medidas adecuadas para proteger los datos personales.<\/p><p>Los proveedores de servicios externos con los que GEMMA GALLART BATALLA trabaja, pueden tener acceso a datos para proporcionar los servicios correspondientes, sin embargo, no usan dicha informaci\u00f3n para fines propios o para cesi\u00f3n a terceros.<\/p><p><strong>Derechos que asisten al Interesado:<\/strong><\/p><ul><li>Derecho a\u00a0<u>retirar el consentimient<\/u>o en cualquier momento.<\/li><li>Derecho de\u00a0<u>acceso<\/u>,\u00a0<u>rectificaci\u00f3n<\/u>,\u00a0<u>portabilidad<\/u>\u00a0y\u00a0<u>supresi\u00f3n<\/u>\u00a0de sus datos y a la\u00a0<u>limitaci\u00f3n<\/u>\u00a0u\u00a0<u>oposici\u00f3n<\/u>\u00a0a su tratamiento.<\/li><li>Derecho a presentar una reclamaci\u00f3n ante la Autoridad de control (www.agpd.es) si considera que el tratamiento no se ajusta a la normativa vigente.<\/li><\/ul><p>Datos de Contacto para Ejercer sus Derechos<\/p><ul><li><strong>Responsable del Tratamiento:<\/strong><ul><li>Titular: GEMMA GALLART BATALLA<\/li><li>N.I.F.:<\/li><li>Domicilio social: Rambla Ferran, 53 \u2013 3r 1a \u2013 25007 Lleida<\/li><li>E-mail: gemmagallbat@yahoo.es<\/li><li>Tel\u00e9fono: 645 787 305<\/li><\/ul><\/li><\/ul><\/div><\/div><\/div><div class=\"elementor-element elementor-element-cf9d150 e-flex e-con-boxed e-con e-parent e-lazyloaded\" data-id=\"cf9d150\" data-element_type=\"container\"><div class=\"e-con-inner\">\u00a0<\/div><\/div><\/div>\t\t\t\t\t\t\t\t<\/div>\n\t\t\t\t\t<\/div>\n\t\t\t\t<\/div>\n\t\t\t\t<\/div>","protected":false},"excerpt":{"rendered":"<p>Pol\u00edtica de privacidad INFORMACI\u00d3N B\u00c1SICA SOBRE PROTECCI\u00d3N DE DATOS: Responsable: GEMMA GALLART BATALLAFinalidad:\u00a0Informarle sobre los productos y servicios publicados en nuestra webLegitimaci\u00f3n:\u00a0por consentimiento del interesadoPlazo de conservaci\u00f3n:\u00a0el legalmente establecidoDestinatarios:\u00a0No se ceder\u00e1n datos a terceros, salvo obligaci\u00f3n legalDerechos: Tiene derecho a acceder, rectificar y suprimir los datos, as\u00ed como otros derechos, como se explica en la [&hellip;]<\/p>\n","protected":false},"author":1,"featured_media":0,"parent":0,"menu_order":0,"comment_status":"closed","ping_status":"closed","template":"","meta":{"footnotes":""},"class_list":["post-335","page","type-page","status-publish","hentry"],"yoast_head":"<!-- This site is optimized with the Yoast SEO Premium plugin v23.9 (Yoast SEO v27.0) - https:\/\/yoast.com\/product\/yoast-seo-premium-wordpress\/ -->\n<title>Pol\u00edtica de privacidad - Gemma Gallart - Psic\u00f2loga a Lleida<\/title>\n<meta name=\"robots\" content=\"index, follow, max-snippet:-1, max-image-preview:large, max-video-preview:-1\" \/>\n<link rel=\"canonical\" href=\"https:\/\/gemmagallbat.dgalleryweb.com\/ca\/politica-de-privacidad\/\" \/>\n<meta property=\"og:locale\" content=\"ca_ES\" \/>\n<meta property=\"og:type\" content=\"article\" \/>\n<meta property=\"og:title\" content=\"Pol\u00edtica de privacidad\" \/>\n<meta property=\"og:description\" content=\"Pol\u00edtica de privacidad INFORMACI\u00d3N B\u00c1SICA SOBRE PROTECCI\u00d3N DE DATOS: Responsable: GEMMA GALLART BATALLAFinalidad:\u00a0Informarle sobre los productos y servicios publicados en nuestra webLegitimaci\u00f3n:\u00a0por consentimiento del interesadoPlazo de conservaci\u00f3n:\u00a0el legalmente establecidoDestinatarios:\u00a0No se ceder\u00e1n datos a terceros, salvo obligaci\u00f3n legalDerechos: Tiene derecho a acceder, rectificar y suprimir los datos, as\u00ed como otros derechos, como se explica en la [&hellip;]\" \/>\n<meta property=\"og:url\" content=\"https:\/\/gemmagallbat.dgalleryweb.com\/ca\/politica-de-privacidad\/\" \/>\n<meta property=\"og:site_name\" content=\"Gemma Gallart - Psic\u00f2loga a Lleida\" \/>\n<meta property=\"article:modified_time\" content=\"2025-11-28T09:15:30+00:00\" \/>\n<meta name=\"twitter:card\" content=\"summary_large_image\" \/>\n<meta name=\"twitter:label1\" content=\"Temps estimat de lectura\" \/>\n\t<meta name=\"twitter:data1\" content=\"6 minuts\" \/>\n<script type=\"application\/ld+json\" class=\"yoast-schema-graph\">{\"@context\":\"https:\/\/schema.org\",\"@graph\":[{\"@type\":\"WebPage\",\"@id\":\"https:\/\/gemmagallbat.dgalleryweb.com\/politica-de-privacidad\/\",\"url\":\"https:\/\/gemmagallbat.dgalleryweb.com\/politica-de-privacidad\/\",\"name\":\"Pol\u00edtica de privacidad - Gemma Gallart - Psic\u00f2loga a Lleida\",\"isPartOf\":{\"@id\":\"https:\/\/gemmagallbat.dgalleryweb.com\/#website\"},\"datePublished\":\"2025-11-28T09:10:47+00:00\",\"dateModified\":\"2025-11-28T09:15:30+00:00\",\"breadcrumb\":{\"@id\":\"https:\/\/gemmagallbat.dgalleryweb.com\/politica-de-privacidad\/#breadcrumb\"},\"inLanguage\":\"ca\",\"potentialAction\":[{\"@type\":\"ReadAction\",\"target\":[\"https:\/\/gemmagallbat.dgalleryweb.com\/politica-de-privacidad\/\"]}]},{\"@type\":\"BreadcrumbList\",\"@id\":\"https:\/\/gemmagallbat.dgalleryweb.com\/politica-de-privacidad\/#breadcrumb\",\"itemListElement\":[{\"@type\":\"ListItem\",\"position\":1,\"name\":\"Inici\",\"item\":\"https:\/\/gemmagallbat.dgalleryweb.com\/\"},{\"@type\":\"ListItem\",\"position\":2,\"name\":\"Pol\u00edtica de privacidad\"}]},{\"@type\":\"WebSite\",\"@id\":\"https:\/\/gemmagallbat.dgalleryweb.com\/#website\",\"url\":\"https:\/\/gemmagallbat.dgalleryweb.com\/\",\"name\":\"Gemma Gallart - Psic\u00f2loga a Lleida\",\"description\":\"\",\"publisher\":{\"@id\":\"https:\/\/gemmagallbat.dgalleryweb.com\/#organization\"},\"potentialAction\":[{\"@type\":\"SearchAction\",\"target\":{\"@type\":\"EntryPoint\",\"urlTemplate\":\"https:\/\/gemmagallbat.dgalleryweb.com\/?s={search_term_string}\"},\"query-input\":{\"@type\":\"PropertyValueSpecification\",\"valueRequired\":true,\"valueName\":\"search_term_string\"}}],\"inLanguage\":\"ca\"},{\"@type\":\"Organization\",\"@id\":\"https:\/\/gemmagallbat.dgalleryweb.com\/#organization\",\"name\":\"Gemma Gallart - Psic\u00f2loga a Lleida\",\"url\":\"https:\/\/gemmagallbat.dgalleryweb.com\/\",\"logo\":{\"@type\":\"ImageObject\",\"inLanguage\":\"ca\",\"@id\":\"https:\/\/gemmagallbat.dgalleryweb.com\/#\/schema\/logo\/image\/\",\"url\":\"https:\/\/gemmagallbat.dgalleryweb.com\/wp-content\/uploads\/2025\/11\/Logo-min.png\",\"contentUrl\":\"https:\/\/gemmagallbat.dgalleryweb.com\/wp-content\/uploads\/2025\/11\/Logo-min.png\",\"width\":147,\"height\":43,\"caption\":\"Gemma Gallart - Psic\u00f2loga a Lleida\"},\"image\":{\"@id\":\"https:\/\/gemmagallbat.dgalleryweb.com\/#\/schema\/logo\/image\/\"}}]}<\/script>\n<!-- \/ Yoast SEO Premium plugin. -->","yoast_head_json":{"title":"Pol\u00edtica de privacidad - Gemma Gallart - Psic\u00f2loga a Lleida","robots":{"index":"index","follow":"follow","max-snippet":"max-snippet:-1","max-image-preview":"max-image-preview:large","max-video-preview":"max-video-preview:-1"},"canonical":"https:\/\/gemmagallbat.dgalleryweb.com\/ca\/politica-de-privacidad\/","og_locale":"ca_ES","og_type":"article","og_title":"Pol\u00edtica de privacidad","og_description":"Pol\u00edtica de privacidad INFORMACI\u00d3N B\u00c1SICA SOBRE PROTECCI\u00d3N DE DATOS: Responsable: GEMMA GALLART BATALLAFinalidad:\u00a0Informarle sobre los productos y servicios publicados en nuestra webLegitimaci\u00f3n:\u00a0por consentimiento del interesadoPlazo de conservaci\u00f3n:\u00a0el legalmente establecidoDestinatarios:\u00a0No se ceder\u00e1n datos a terceros, salvo obligaci\u00f3n legalDerechos: Tiene derecho a acceder, rectificar y suprimir los datos, as\u00ed como otros derechos, como se explica en la [&hellip;]","og_url":"https:\/\/gemmagallbat.dgalleryweb.com\/ca\/politica-de-privacidad\/","og_site_name":"Gemma Gallart - Psic\u00f2loga a Lleida","article_modified_time":"2025-11-28T09:15:30+00:00","twitter_card":"summary_large_image","twitter_misc":{"Temps estimat de lectura":"6 minuts"},"schema":{"@context":"https:\/\/schema.org","@graph":[{"@type":"WebPage","@id":"https:\/\/gemmagallbat.dgalleryweb.com\/politica-de-privacidad\/","url":"https:\/\/gemmagallbat.dgalleryweb.com\/politica-de-privacidad\/","name":"Pol\u00edtica de privacidad - Gemma Gallart - Psic\u00f2loga a Lleida","isPartOf":{"@id":"https:\/\/gemmagallbat.dgalleryweb.com\/#website"},"datePublished":"2025-11-28T09:10:47+00:00","dateModified":"2025-11-28T09:15:30+00:00","breadcrumb":{"@id":"https:\/\/gemmagallbat.dgalleryweb.com\/politica-de-privacidad\/#breadcrumb"},"inLanguage":"ca","potentialAction":[{"@type":"ReadAction","target":["https:\/\/gemmagallbat.dgalleryweb.com\/politica-de-privacidad\/"]}]},{"@type":"BreadcrumbList","@id":"https:\/\/gemmagallbat.dgalleryweb.com\/politica-de-privacidad\/#breadcrumb","itemListElement":[{"@type":"ListItem","position":1,"name":"Inici","item":"https:\/\/gemmagallbat.dgalleryweb.com\/"},{"@type":"ListItem","position":2,"name":"Pol\u00edtica de privacidad"}]},{"@type":"WebSite","@id":"https:\/\/gemmagallbat.dgalleryweb.com\/#website","url":"https:\/\/gemmagallbat.dgalleryweb.com\/","name":"Gemma Gallart - Psic\u00f2loga a Lleida","description":"","publisher":{"@id":"https:\/\/gemmagallbat.dgalleryweb.com\/#organization"},"potentialAction":[{"@type":"SearchAction","target":{"@type":"EntryPoint","urlTemplate":"https:\/\/gemmagallbat.dgalleryweb.com\/?s={search_term_string}"},"query-input":{"@type":"PropertyValueSpecification","valueRequired":true,"valueName":"search_term_string"}}],"inLanguage":"ca"},{"@type":"Organization","@id":"https:\/\/gemmagallbat.dgalleryweb.com\/#organization","name":"Gemma Gallart - Psic\u00f2loga a Lleida","url":"https:\/\/gemmagallbat.dgalleryweb.com\/","logo":{"@type":"ImageObject","inLanguage":"ca","@id":"https:\/\/gemmagallbat.dgalleryweb.com\/#\/schema\/logo\/image\/","url":"https:\/\/gemmagallbat.dgalleryweb.com\/wp-content\/uploads\/2025\/11\/Logo-min.png","contentUrl":"https:\/\/gemmagallbat.dgalleryweb.com\/wp-content\/uploads\/2025\/11\/Logo-min.png","width":147,"height":43,"caption":"Gemma Gallart - Psic\u00f2loga a Lleida"},"image":{"@id":"https:\/\/gemmagallbat.dgalleryweb.com\/#\/schema\/logo\/image\/"}}]}},"_links":{"self":[{"href":"https:\/\/gemmagallbat.dgalleryweb.com\/ca\/wp-json\/wp\/v2\/pages\/335","targetHints":{"allow":["GET"]}}],"collection":[{"href":"https:\/\/gemmagallbat.dgalleryweb.com\/ca\/wp-json\/wp\/v2\/pages"}],"about":[{"href":"https:\/\/gemmagallbat.dgalleryweb.com\/ca\/wp-json\/wp\/v2\/types\/page"}],"author":[{"embeddable":true,"href":"https:\/\/gemmagallbat.dgalleryweb.com\/ca\/wp-json\/wp\/v2\/users\/1"}],"replies":[{"embeddable":true,"href":"https:\/\/gemmagallbat.dgalleryweb.com\/ca\/wp-json\/wp\/v2\/comments?post=335"}],"version-history":[{"count":7,"href":"https:\/\/gemmagallbat.dgalleryweb.com\/ca\/wp-json\/wp\/v2\/pages\/335\/revisions"}],"predecessor-version":[{"id":342,"href":"https:\/\/gemmagallbat.dgalleryweb.com\/ca\/wp-json\/wp\/v2\/pages\/335\/revisions\/342"}],"wp:attachment":[{"href":"https:\/\/gemmagallbat.dgalleryweb.com\/ca\/wp-json\/wp\/v2\/media?parent=335"}],"curies":[{"name":"wp","href":"https:\/\/api.w.org\/{rel}","templated":true}]}}